{"id":58,"date":"2025-05-30T12:11:28","date_gmt":"2025-05-30T12:11:28","guid":{"rendered":"https:\/\/www.ecedemirci.com\/?page_id=58"},"modified":"2025-06-20T11:07:04","modified_gmt":"2025-06-20T11:07:04","slug":"kayitlar","status":"publish","type":"page","link":"https:\/\/www.ecedemirci.com\/en_en\/kayitlar\/","title":{"rendered":"RECORDS"},"content":{"rendered":"<div class=\"row row-collapse\"  id=\"row-463417733\">\n\n\n\t<div id=\"col-350948527\" class=\"col small-12 large-12\"  >\n\t\t\t\t<div class=\"col-inner\"  >\n\t\t\t\n\t\t\t\n\n\n  <div class=\"banner has-hover\" id=\"banner-1421694550\">\n          <div class=\"banner-inner fill\">\n        <div class=\"banner-bg fill\" >\n            <div class=\"bg fill bg-fill\"><\/div>\n                                    \n                    <\/div>\n\t\t\n        <div class=\"banner-layers container\">\n            <div class=\"fill banner-link\"><\/div>            \n\n   <div id=\"text-box-751733597\" class=\"text-box banner-layer x100 md-x100 lg-x100 y0 md-y0 lg-y0 res-text\">\n                                <div class=\"text-box-content text dark text-shadow-3\">\n              \n              <div class=\"text-inner text-center\">\n                  \n\n\n              <\/div>\n           <\/div>\n                            \n<style>\n#text-box-751733597 {\n  width: 20%;\n}\n#text-box-751733597 .text-box-content {\n  font-size: 100%;\n}\n@media (min-width:550px) {\n  #text-box-751733597 {\n    width: 10%;\n  }\n}\n<\/style>\n    <\/div>\n \n\n        <\/div>\n      <\/div>\n\n              <div class=\"height-fix is-invisible\"><img loading=\"lazy\" decoding=\"async\" width=\"1020\" height=\"370\" src=\"https:\/\/www.ecedemirci.com\/wp-content\/uploads\/2025\/05\/bckg_header.jpg\" class=\"attachment-large size-large\" alt=\"\" srcset=\"https:\/\/www.ecedemirci.com\/wp-content\/uploads\/2025\/05\/bckg_header.jpg 1024w, https:\/\/www.ecedemirci.com\/wp-content\/uploads\/2025\/05\/bckg_header-300x109.jpg 300w, https:\/\/www.ecedemirci.com\/wp-content\/uploads\/2025\/05\/bckg_header-768x278.jpg 768w\" sizes=\"auto, (max-width: 1020px) 100vw, 1020px\" \/><\/div>\n            \n<style>\n#banner-1421694550 .bg.bg-loaded {\n  background-image: url(https:\/\/www.ecedemirci.com\/wp-content\/uploads\/2025\/05\/bckg_header.jpg);\n}\n#banner-1421694550 {\n  background-color: rgb(4, 23, 34);\n}\n<\/style>\n  <\/div>\n\n\n\t<div id=\"gap-1955745383\" class=\"gap-element clearfix\" style=\"display:block; height:auto;\">\n\t\t\n<style>\n#gap-1955745383 {\n  padding-top: 30px;\n}\n<\/style>\n\t<\/div>\n\t\n\n\n\t\t<\/div>\n\t\t\t\t\t<\/div>\n\n\t\n\n\t<div id=\"col-1607639132\" class=\"col medium-2 small-4 large-2\"  >\n\t\t\t\t<div class=\"col-inner\"  >\n\t\t\t\n\t\t\t\n\n<h2>RECORDS<\/h2>\n\n\t\t<\/div>\n\t\t\t\t\n<style>\n#col-1607639132 > .col-inner {\n  padding: 0px 0px 0px 0px;\n}\n<\/style>\n\t<\/div>\n\n\t\n\n\t<div id=\"col-1967798423\" class=\"col medium-10 small-8 large-10\"  >\n\t\t\t\t<div class=\"col-inner\"  >\n\t\t\t\n\t\t\t\n\n<hr>\n\n\t\t<\/div>\n\t\t\t\t\t<\/div>\n\n\t\n\n\t<div id=\"col-955693322\" class=\"col small-12 large-12\"  >\n\t\t\t\t<div class=\"col-inner\"  >\n\t\t\t\n\t\t\t\n\n<div class=\"row\"  id=\"row-1011971468\">\n\n\n\t<div id=\"col-314474880\" class=\"col medium-6 small-12 large-6\"  >\n\t\t\t\t<div class=\"col-inner text-center\"  >\n\t\t\t\n\t\t\t\n\n\n\n<style>\n  .modal-audio {\n    display: none;\n    position: fixed;\n    z-index: 9999;\n    left: 0;\n    top: 0;\n    width: 100%;\n    height: 100%;\n    background-color: rgba(0,0,0,0.7);\n  }\n\n  .modal-audio-content {\n    background: #fff;\n    margin: 10% auto;\n    padding: 20px;\n    width: 300px;\n    border-radius: 10px;\n    position: relative;\n    text-align: center;\n  }\n\n  .modal-audio-close {\n    position: absolute;\n    right: 12px;\n    top: 8px;\n    font-size: 20px;\n    cursor: pointer;\n  }\n<\/style>\n\n<!-- G\u00f6rsel -->\n<img decoding=\"async\" src=\"http:\/\/www.ecedemirci.com\/wp-content\/uploads\/2025\/06\/kayit-1b-4.jpg\"\n     style=\"cursor:pointer; max-width:100%; height:auto;\"\n     onclick=\"openAudioModal()\" alt=\"Ses A\u00e7\">\n\n<!-- Modal Kutu -->\n<div id=\"modalAudio\" class=\"modal-audio\" onclick=\"backgroundClick(event)\">\n  <div class=\"modal-audio-content\">\n    <span class=\"modal-audio-close\" onclick=\"closeAudioModal()\">&times;<\/span>\n    <audio id=\"audioPlayer\" controls>\n      <source src=\"http:\/\/www.ecedemirci.com\/wp-content\/uploads\/2025\/06\/1-Piano-Sonare-albumunden-J.-Haydn-Sonat-1.-Bolum.mp3\" type=\"audio\/mpeg\">\n      Taray\u0131c\u0131n\u0131z bu ses \u00f6\u011fesini desteklemiyor.\n    <\/audio>\n  <\/div>\n<\/div>\n\n<script>\n  function openAudioModal() {\n    const modal = document.getElementById(\"modalAudio\");\n    const audio = document.getElementById(\"audioPlayer\");\n    modal.style.display = \"block\";\n    audio.play();\n  }\n\n  function closeAudioModal() {\n    const modal = document.getElementById(\"modalAudio\");\n    const audio = document.getElementById(\"audioPlayer\");\n    modal.style.display = \"none\";\n    audio.pause();\n    audio.currentTime = 0;\n  }\n\n  function backgroundClick(e) {\n    if (e.target.id === \"modalAudio\") {\n      closeAudioModal();\n    }\n  }\n<\/script>\n\n\n\n<br>\n<br>\n\n\t<div id=\"text-2345606726\" class=\"text\">\n\t\t\n\n<p>J. Haydn Sonata Hob. XVI. 32 si m. I. Allegro moderato from \u201cPiano Sonare\u201d<\/p>\n\t\t\n<style>\n#text-2345606726 {\n  text-align: center;\n}\n<\/style>\n\t<\/div>\n\t\n\n\t\t<\/div>\n\t\t\t\t\n<style>\n#col-314474880 > .col-inner {\n  padding: 0px 0px 0px 0px;\n  margin: 0px 0px 0px 0px;\n}\n<\/style>\n\t<\/div>\n\n\t\n\n\t<div id=\"col-1536629758\" class=\"col medium-6 small-12 large-6\"  >\n\t\t\t\t<div class=\"col-inner\"  >\n\t\t\t\n\t\t\t\n\n<div class=\"video video-fit mb video-galeri\" style=\"padding-top:56.25%;\"><iframe loading=\"lazy\" title=\"B\u00fckre\u015f Konseri\" width=\"1020\" height=\"765\" src=\"https:\/\/www.youtube.com\/embed\/3yQlynsJ1Uo?feature=oembed\" frameborder=\"0\" allow=\"accelerometer; autoplay; clipboard-write; encrypted-media; gyroscope; picture-in-picture; web-share\" referrerpolicy=\"strict-origin-when-cross-origin\" allowfullscreen><\/iframe><\/div>\n\n<p style=\"text-align: center;\">C. Saint Saens Op. 22 No. 2 Piano Concerto I. Andante Sostenuto - Conductor: B. Fidetzis - George Enescu Philharmonic Orchestra - Bucharest 3.11.2005<\/p>\n\n\t\t<\/div>\n\t\t\t\t\t<\/div>\n\n\t\n\n\t<div id=\"col-2033413965\" class=\"col medium-6 small-12 large-6\"  >\n\t\t\t\t<div class=\"col-inner\"  >\n\t\t\t\n\t\t\t\n\n<div class=\"video video-fit mb video-galeri\" style=\"padding-top:56.25%;\"><p><iframe loading=\"lazy\" title=\"Galatasaray \u00dcni\" width=\"1020\" height=\"765\" src=\"https:\/\/www.youtube.com\/embed\/NNMAW34pch0?feature=oembed\" frameborder=\"0\" allow=\"accelerometer; autoplay; clipboard-write; encrypted-media; gyroscope; picture-in-picture; web-share\" referrerpolicy=\"strict-origin-when-cross-origin\" allowfullscreen><\/iframe><\/p>\n<\/div>\n\n\t<div id=\"text-2871083046\" class=\"text\">\n\t\t\n\n<p style=\"text-align: center;\">F. Chopin Nocturne No. 16 in C sharp m. - Galatasaray University 5.5.2008<\/p>\n\t\t\n<style>\n#text-2871083046 {\n  text-align: center;\n}\n<\/style>\n\t<\/div>\n\t\n\n\t\t<\/div>\n\t\t\t\t\t<\/div>\n\n\t\n\n\t<div id=\"col-790018002\" class=\"col medium-6 small-12 large-6\"  >\n\t\t\t\t<div class=\"col-inner\"  >\n\t\t\t\n\t\t\t\n\n<div class=\"video video-fit mb video-galeri\" style=\"padding-top:56.25%;\"><p><iframe loading=\"lazy\" title=\"Salzburg Mozarteum\" width=\"1020\" height=\"765\" src=\"https:\/\/www.youtube.com\/embed\/c3etdqy68fs?feature=oembed\" frameborder=\"0\" allow=\"accelerometer; autoplay; clipboard-write; encrypted-media; gyroscope; picture-in-picture; web-share\" referrerpolicy=\"strict-origin-when-cross-origin\" allowfullscreen><\/iframe><\/p>\n<\/div>\n\n\t<div id=\"text-2332100307\" class=\"text\">\n\t\t\n\n<p style=\"text-align: center;\">D. Scarlatti Sonat L. 366 d-minor \u2013 Salzburg Mozarteum 27.4.2007 Solitaer Hall<\/p>\n\t\t\n<style>\n#text-2332100307 {\n  text-align: center;\n}\n<\/style>\n\t<\/div>\n\t\n\n\t\t<\/div>\n\t\t\t\t\t<\/div>\n\n\t\n\n\t<div id=\"col-1572642132\" class=\"col medium-6 small-12 large-6\"  >\n\t\t\t\t<div class=\"col-inner\"  >\n\t\t\t\n\t\t\t\n\n<div class=\"video video-fit mb video-galeri\" style=\"padding-top:56.25%;\"><p><iframe loading=\"lazy\" title=\"DVD Chopin Sonat Op. 58  IV.  Mouvement\" width=\"1020\" height=\"574\" src=\"https:\/\/www.youtube.com\/embed\/jy0HefGJ7iU?feature=oembed\" frameborder=\"0\" allow=\"accelerometer; autoplay; clipboard-write; encrypted-media; gyroscope; picture-in-picture; web-share\" referrerpolicy=\"strict-origin-when-cross-origin\" allowfullscreen><\/iframe><\/p>\n<\/div>\n\n\t<div id=\"text-73624260\" class=\"text\">\n\t\t\n\n<p>F. Chopin Sonat IV Finale &#8211; Presto, non tanto , Borusan M\u00fczik Evi 2008<br \/>\nImmortal Chopin recital<\/p>\n\t\t\n<style>\n#text-73624260 {\n  text-align: center;\n}\n<\/style>\n\t<\/div>\n\t\n\n\t\t<\/div>\n\t\t\t\t\t<\/div>\n\n\t\n\n\t<div id=\"col-619227426\" class=\"col medium-6 small-12 large-6\"  >\n\t\t\t\t<div class=\"col-inner\"  >\n\t\t\t\n\t\t\t\n\n<div class=\"video video-fit mb video-galeri\" style=\"padding-top:56.25%;\"><p><iframe loading=\"lazy\" title=\"D Scarlatti Sonaten\" width=\"1020\" height=\"765\" src=\"https:\/\/www.youtube.com\/embed\/EtviJyT4GS8?feature=oembed\" frameborder=\"0\" allow=\"accelerometer; autoplay; clipboard-write; encrypted-media; gyroscope; picture-in-picture; web-share\" referrerpolicy=\"strict-origin-when-cross-origin\" allowfullscreen><\/iframe><\/p>\n<\/div>\n\n\t<div id=\"text-2919562436\" class=\"text\">\n\t\t\n\n<p>D. Scarlatti sonatas L. 118 - L. 23 ,CKM recital<\/p>\n\t\t\n<style>\n#text-2919562436 {\n  text-align: center;\n}\n<\/style>\n\t<\/div>\n\t\n\n\t\t<\/div>\n\t\t\t\t\t<\/div>\n\n\t\n\n\t<div id=\"col-1402875959\" class=\"col medium-6 small-12 large-6\"  >\n\t\t\t\t<div class=\"col-inner\"  >\n\t\t\t\n\t\t\t\n\n<div class=\"video video-fit mb video-galeri\" style=\"padding-top:56.25%;\"><p><iframe loading=\"lazy\" title=\"F  Chopin sonat Op  58 I  Mouvement\" width=\"1020\" height=\"765\" src=\"https:\/\/www.youtube.com\/embed\/h9xn4mBilNc?feature=oembed\" frameborder=\"0\" allow=\"accelerometer; autoplay; clipboard-write; encrypted-media; gyroscope; picture-in-picture; web-share\" referrerpolicy=\"strict-origin-when-cross-origin\" allowfullscreen><\/iframe><\/p>\n<\/div>\n\n\t<div id=\"text-4028380370\" class=\"text\">\n\t\t\n\n<div>\n<div>F. Chopin Sonat I Allegro maestoso, CKM recital 2011<\/div>\n<\/div>\n\t\t\n<style>\n#text-4028380370 {\n  text-align: center;\n}\n<\/style>\n\t<\/div>\n\t\n\n\t\t<\/div>\n\t\t\t\t\t<\/div>\n\n\t\n\n\t<div id=\"col-1309265701\" class=\"col medium-6 small-12 large-6\"  >\n\t\t\t\t<div class=\"col-inner\"  >\n\t\t\t\n\t\t\t\n\n<div class=\"video video-fit mb video-galeri\" style=\"padding-top:56.25%;\"><p><iframe loading=\"lazy\" title=\"Mozart Kon\u00e7erto KV266   Kopya\" width=\"1020\" height=\"765\" src=\"https:\/\/www.youtube.com\/embed\/um6bJLO86DA?feature=oembed\" frameborder=\"0\" allow=\"accelerometer; autoplay; clipboard-write; encrypted-media; gyroscope; picture-in-picture; web-share\" referrerpolicy=\"strict-origin-when-cross-origin\" allowfullscreen><\/iframe><\/p>\n<\/div>\n\n\t<div id=\"text-1053090696\" class=\"text\">\n\t\t\n\n<p style=\"text-align: center;\">W.A. Mozart KV 466 No. 20 d-minor Piano Concerto III . Allegro assai<br \/>\nConductor I. Metin - Bilkent Symphony Orchestra - 27.1.2007<\/p>\n\n\t\t\n<style>\n#text-1053090696 {\n  text-align: center;\n}\n<\/style>\n\t<\/div>\n\t\n\n\t\t<\/div>\n\t\t\t\t\t<\/div>\n\n\t\n\n\t<div id=\"col-110123482\" class=\"col medium-6 small-12 large-6\"  >\n\t\t\t\t<div class=\"col-inner\"  >\n\t\t\t\n\t\t\t\n\n<div class=\"video video-fit mb video-galeri\" style=\"padding-top:56.25%;\"><p><iframe loading=\"lazy\" title=\"6 Ulusal TV 2008 1\" width=\"1020\" height=\"765\" src=\"https:\/\/www.youtube.com\/embed\/tr4PJ1u7n1A?feature=oembed\" frameborder=\"0\" allow=\"accelerometer; autoplay; clipboard-write; encrypted-media; gyroscope; picture-in-picture; web-share\" referrerpolicy=\"strict-origin-when-cross-origin\" allowfullscreen><\/iframe><\/p>\n<\/div>\n\n<p style=\"text-align: center;\">National TV 2008 Interview - Part 1<\/p>\n\n\t\t<\/div>\n\t\t\t\t\t<\/div>\n\n\t\n\n\t<div id=\"col-1179970978\" class=\"col medium-6 small-12 large-6\"  >\n\t\t\t\t<div class=\"col-inner\"  >\n\t\t\t\n\t\t\t\n\n<div class=\"video video-fit mb video-galeri\" style=\"padding-top:56.25%;\"><p><iframe loading=\"lazy\" title=\"7 Ulusal TV 2008 2\" width=\"1020\" height=\"765\" src=\"https:\/\/www.youtube.com\/embed\/2pN5O-oW80k?feature=oembed\" frameborder=\"0\" allow=\"accelerometer; autoplay; clipboard-write; encrypted-media; gyroscope; picture-in-picture; web-share\" referrerpolicy=\"strict-origin-when-cross-origin\" allowfullscreen><\/iframe><\/p>\n<\/div>\n\n<p style=\"text-align: center;\">National TV 2008 Interview - Part 2<\/p>\n\n\t\t<\/div>\n\t\t\t\t\t<\/div>\n\n\t\n\n\t<div id=\"col-1559538766\" class=\"col medium-6 small-12 large-6\"  >\n\t\t\t\t<div class=\"col-inner\"  >\n\t\t\t\n\t\t\t\n\n<div class=\"video video-fit mb video-galeri\" style=\"padding-top:56.25%;\"><p><iframe loading=\"lazy\" title=\"8 Ulusal TV 2008 3\" width=\"1020\" height=\"765\" src=\"https:\/\/www.youtube.com\/embed\/rSke1K0JqN4?feature=oembed\" frameborder=\"0\" allow=\"accelerometer; autoplay; clipboard-write; encrypted-media; gyroscope; picture-in-picture; web-share\" referrerpolicy=\"strict-origin-when-cross-origin\" allowfullscreen><\/iframe><\/p>\n<\/div>\n\n<p style=\"text-align: center;\">National TV 2008 Interview - Part 3<\/p>\n\n\t\t<\/div>\n\t\t\t\t\t<\/div>\n\n\t\n\n\t<div id=\"col-1971819947\" class=\"col medium-6 small-12 large-6\"  >\n\t\t\t\t<div class=\"col-inner\"  >\n\t\t\t\n\t\t\t\n\n<div class=\"video video-fit mb video-galeri\" style=\"padding-top:56.25%;\"><p><iframe loading=\"lazy\" title=\"10 Ulusal TV 2007 10\" width=\"1020\" height=\"765\" src=\"https:\/\/www.youtube.com\/embed\/ndwqkSyJGuA?feature=oembed\" frameborder=\"0\" allow=\"accelerometer; autoplay; clipboard-write; encrypted-media; gyroscope; picture-in-picture; web-share\" referrerpolicy=\"strict-origin-when-cross-origin\" allowfullscreen><\/iframe><\/p>\n<\/div>\n\n<p style=\"text-align: center;\">Ulusal TV Interview 2007<\/p>\n\n\t\t<\/div>\n\t\t\t\t\t<\/div>\n\n\t\n\n\t<div id=\"col-884463535\" class=\"col medium-6 small-12 large-6\"  >\n\t\t\t\t<div class=\"col-inner\"  >\n\t\t\t\n\t\t\t\n\n<div class=\"video video-fit mb video-galeri\" style=\"padding-top:56.25%;\"><p><iframe loading=\"lazy\" title=\"23 07 2006 NTV R\u00f6portaj\u0131  G\u00fczel Pazar\" width=\"1020\" height=\"765\" src=\"https:\/\/www.youtube.com\/embed\/b0UCuGymzaM?feature=oembed\" frameborder=\"0\" allow=\"accelerometer; autoplay; clipboard-write; encrypted-media; gyroscope; picture-in-picture; web-share\" referrerpolicy=\"strict-origin-when-cross-origin\" allowfullscreen><\/iframe><\/p>\n<\/div>\n\n<p style=\"text-align: center;\">NTV Interview 2006<\/p>\n\n\t\t<\/div>\n\t\t\t\t\t<\/div>\n\n\t\n\n<\/div>\n\n\t\t<\/div>\n\t\t\t\t\n<style>\n#col-955693322 > .col-inner {\n  padding: 20px 0px 0px 0px;\n}\n<\/style>\n\t<\/div>\n\n\t\n\n<\/div>","protected":false},"excerpt":{"rendered":"","protected":false},"author":1,"featured_media":0,"parent":0,"menu_order":0,"comment_status":"closed","ping_status":"closed","template":"","meta":{"footnotes":""},"class_list":["post-58","page","type-page","status-publish","hentry"],"_links":{"self":[{"href":"https:\/\/www.ecedemirci.com\/en_en\/wp-json\/wp\/v2\/pages\/58","targetHints":{"allow":["GET"]}}],"collection":[{"href":"https:\/\/www.ecedemirci.com\/en_en\/wp-json\/wp\/v2\/pages"}],"about":[{"href":"https:\/\/www.ecedemirci.com\/en_en\/wp-json\/wp\/v2\/types\/page"}],"author":[{"embeddable":true,"href":"https:\/\/www.ecedemirci.com\/en_en\/wp-json\/wp\/v2\/users\/1"}],"replies":[{"embeddable":true,"href":"https:\/\/www.ecedemirci.com\/en_en\/wp-json\/wp\/v2\/comments?post=58"}],"version-history":[{"count":53,"href":"https:\/\/www.ecedemirci.com\/en_en\/wp-json\/wp\/v2\/pages\/58\/revisions"}],"predecessor-version":[{"id":1225,"href":"https:\/\/www.ecedemirci.com\/en_en\/wp-json\/wp\/v2\/pages\/58\/revisions\/1225"}],"wp:attachment":[{"href":"https:\/\/www.ecedemirci.com\/en_en\/wp-json\/wp\/v2\/media?parent=58"}],"curies":[{"name":"wp","href":"https:\/\/api.w.org\/{rel}","templated":true}]}}