{"id":54,"date":"2025-05-30T12:10:56","date_gmt":"2025-05-30T12:10:56","guid":{"rendered":"https:\/\/www.ecedemirci.com\/?page_id=54"},"modified":"2025-06-20T11:19:11","modified_gmt":"2025-06-20T11:19:11","slug":"etkinlikler","status":"publish","type":"page","link":"https:\/\/www.ecedemirci.com\/en_en\/etkinlikler\/","title":{"rendered":"Events"},"content":{"rendered":"<div class=\"row row-collapse\"  id=\"row-343155270\">\n\n\n\t<div id=\"col-944431613\" class=\"col small-12 large-12\"  >\n\t\t\t\t<div class=\"col-inner\"  >\n\t\t\t\n\t\t\t\n\n\n  <div class=\"banner has-hover\" id=\"banner-1660165193\">\n          <div class=\"banner-inner fill\">\n        <div class=\"banner-bg fill\" >\n            <div class=\"bg fill bg-fill\"><\/div>\n                                    \n                    <\/div>\n\t\t\n        <div class=\"banner-layers container\">\n            <div class=\"fill banner-link\"><\/div>            \n\n   <div id=\"text-box-571835578\" class=\"text-box banner-layer x100 md-x100 lg-x100 y0 md-y0 lg-y0 res-text\">\n                                <div class=\"text-box-content text dark text-shadow-3\">\n              \n              <div class=\"text-inner text-center\">\n                  \n\n\n              <\/div>\n           <\/div>\n                            \n<style>\n#text-box-571835578 {\n  width: 20%;\n}\n#text-box-571835578 .text-box-content {\n  font-size: 100%;\n}\n@media (min-width:550px) {\n  #text-box-571835578 {\n    width: 10%;\n  }\n}\n<\/style>\n    <\/div>\n \n\n        <\/div>\n      <\/div>\n\n              <div class=\"height-fix is-invisible\"><img loading=\"lazy\" decoding=\"async\" width=\"1020\" height=\"370\" src=\"https:\/\/www.ecedemirci.com\/wp-content\/uploads\/2025\/05\/bckg_header.jpg\" class=\"attachment-large size-large\" alt=\"\" srcset=\"https:\/\/www.ecedemirci.com\/wp-content\/uploads\/2025\/05\/bckg_header.jpg 1024w, https:\/\/www.ecedemirci.com\/wp-content\/uploads\/2025\/05\/bckg_header-300x109.jpg 300w, https:\/\/www.ecedemirci.com\/wp-content\/uploads\/2025\/05\/bckg_header-768x278.jpg 768w\" sizes=\"auto, (max-width: 1020px) 100vw, 1020px\" \/><\/div>\n            \n<style>\n#banner-1660165193 .bg.bg-loaded {\n  background-image: url(https:\/\/www.ecedemirci.com\/wp-content\/uploads\/2025\/05\/bckg_header.jpg);\n}\n#banner-1660165193 {\n  background-color: rgb(4, 23, 34);\n}\n<\/style>\n  <\/div>\n\n\n\t<div id=\"gap-1683223498\" class=\"gap-element clearfix\" style=\"display:block; height:auto;\">\n\t\t\n<style>\n#gap-1683223498 {\n  padding-top: 30px;\n}\n<\/style>\n\t<\/div>\n\t\n\n\n\t\t<\/div>\n\t\t\t\t\t<\/div>\n\n\t\n\n\t<div id=\"col-129184529\" class=\"col medium-2 small-5 large-2\"  >\n\t\t\t\t<div class=\"col-inner\"  >\n\t\t\t\n\t\t\t\n\n<h2>EVENTS<\/h2>\n\n\t\t<\/div>\n\t\t\t\t\n<style>\n#col-129184529 > .col-inner {\n  padding: 0px 0px 0px 0px;\n}\n<\/style>\n\t<\/div>\n\n\t\n\n\t<div id=\"col-990256382\" class=\"col medium-10 small-7 large-10\"  >\n\t\t\t\t<div class=\"col-inner\"  >\n\t\t\t\n\t\t\t\n\n<hr>\n\n\t\t<\/div>\n\t\t\t\t\t<\/div>\n\n\t\n\n\t<div id=\"col-107275815\" class=\"col small-12 large-12\"  >\n\t\t\t\t<div class=\"col-inner\"  >\n\t\t\t\n\t\t\t\n\n\t<div id=\"text-338159675\" class=\"text\">\n\t\t\n\n<div class=\"etkinlik\">\n<h3>Concert<\/h3>\n<p>03.06.2025, \u201cVedat Kosal Memorial Concert\u201d VEKOM YT\u00dc, 17.30<\/p>\n<\/div>\n<div class=\"etkinlik\">\n<h3>Recital<\/h3>\n<p>28.05.2025, \u201c340 Years of Legacy\u201d Scarlatti Sonatas- Yelde\u011firmeni Art, 20.00<\/p>\n<\/div>\n<div class=\"etkinlik\">\n<h3>Concert<\/h3>\n<p>21.11.2023, Eski\u015fehir Piano Festival, 20.00<\/p>\n<\/div>\n<div class=\"etkinlik\">\n<h3>Concert<\/h3>\n<p>09.10.2023, \u201cIn Memory of Rachmaninoff\u201d - S\u00fcreyya Opera, 20.00<\/p>\n<\/div>\n<div class=\"etkinlik\">\n<h3>Recital<\/h3>\n<p>25.05.2021, \u201cDance of Two Pianos\u201d- Two Piano Recital with Prof. T\u00fcrev Berki -CRR Concert Hall , 20.00<\/p>\n<\/div>\n<div class=\"etkinlik\">\n<h3>Recital<\/h3>\n<p>12.08.2019, 17th Bayreuth Piano Festival, Steingraeber Haus, 19:30<\/p>\n<\/div>\n<div class=\"etkinlik\">\n<h3>Piano Trio Forte<\/h3>\n<p>07.12.2018, Naz\u0131m Hikmet Cultural Center, 20:00<\/p>\n<\/div>\n<div class=\"etkinlik\">\n<h3>Recital<\/h3>\n<p>26.01.2018, \u201cBlue Voyage\u201d, Borusan Music House, 21:00<\/p>\n<\/div>\n<\/div>\n<div class=\"etkinlik\">\n<h3>Concert<\/h3>\n<p>03.05.2017, \u201cSes Trio\u201d's Concert Yel De\u011firmeni Sanat 20.00<\/p>\n<\/div>\n<div class=\"etkinlik\">\n<h3>Concert<\/h3>\n<p>26.04.2017, \u201cSes Trio\u201d Concert Selcuk University Dilek Sabanci State Conservatory Concert Hall 13.30, Konya<\/p>\n<\/div>\n<div class=\"etkinlik\">\n<h3>Concert<\/h3>\n<p>23.03.2017, \u201cSes Trio\u201d's Concert Ko\u00e7 University Classical Music Recitals Founders Hall 12.30<\/p>\n<\/div>\n<div class=\"etkinlik\">\n<h3>Recital<\/h3>\n<p>24.09.2016, Bezirhane, U\u00e7hisar-Kapadokya, 21:00<\/p>\n<\/div>\n<div class=\"etkinlik\">\n<h3>Concert<\/h3>\n<p>14.04.2016, \u201cHappy Birthday Mozart\u201d - \u201cPiano Trio Forte\u201d, Antakya Cultural Center, 20:00<\/p>\n<\/div>\n<div class=\"etkinlik\">\n<h3>Recital<\/h3>\n<p>02.11.2015, \u201cThose Who Left Their Mark\u201d, Cemal Re\u015fit Rey Concert Hall, 20:00<\/p>\n<\/div>\n<div class=\"etkinlik\">\n<h3>Concert<\/h3>\n<p>30.04.2015, \u201cPiano Trio Forte\u201d, Antakya Cultural Center, 20:00<\/p>\n<\/div>\n<div class=\"etkinlik\">\n<h3>Concert<\/h3>\n<p>17.04.2015, IDSO W.A.Mozart Piano Concerto KV 466 in re m., Fulya Art Center, 20:00<\/p>\n<\/div>\n<div class=\"etkinlik\">\n<h3>Concert<\/h3>\n<p>13.03.2014, \u201cPiano Trio Forte\u201d, Sabanc\u0131 University Performing Arts Center, 20:00<\/p>\n<\/div>\n<div class=\"etkinlik\">\n<h3>Concert<\/h3>\n<p>13.03.2014, \u201cSchostakowitsch Evening\u201d - Piano Trio Forte and Friends, S\u00fcreyya Opera, 20:00<\/p>\n<\/div>\n<div class=\"etkinlik\">\n<h3>Concert<\/h3>\n<p>27.11.2013, \u201cVedat Kosal and Friends Concert\u201d, Mart\u0131 Hotel, 19:30<\/p>\n<\/div>\n<div class=\"etkinlik\">\n<h3>Concert<\/h3>\n<p>22.06.2013, 41st Istanbul Music Festival - \u201cPiano Trio Forte\u201d Concert, S\u00fcreyya Opera, 20:00<\/p>\n<\/div>\n<div class=\"etkinlik\">\n<h3>Concert<\/h3>\n<p>28.05.2013, \u201cPiano Trio Forte\u201d Concert, Pamukkale University Hasan Kasapo\u011flu Cultural Center, 20:00<\/p>\n<\/div>\n<div class=\"etkinlik\">\n<h3>Concert<\/h3>\n<p>27.12.2012, \u201cPiano Trio Forte\u201d Konseri, \u0130zmir Adnan Saygun Sanat Merkezi, 20:00<\/p>\n<\/div>\n<div class=\"etkinlik\">\n<h3>Concert<\/h3>\n<p>20.12.2012, \u201cPiano Trio Forte\u201d Concert, Fulya Art Center, 20:00<\/p>\n<\/div>\n<div class=\"etkinlik\">\n<h3>Concert<\/h3>\n<p>11.04.2012, Recital, Cadde Bostan Cultural Center, 20:00<\/p>\n<\/div>\n<div class=\"etkinlik\">\n<h3>Concert<\/h3>\n<p>13.03.2012, \u201cPiano Trio Forte\u201d Concert, Borusan Music House, 19:30<\/p>\n<\/div>\n<div class=\"etkinlik\">\n<h3>Concert<\/h3>\n<p>06.12.2011, Recital \u201cTurkish Composers\u201d, Ko\u00e7 University Sevgi G\u00f6n\u00fcl Cultural Center, 20:00<\/p>\n<\/div>\n<div class=\"etkinlik\">\n<h3>Concert<\/h3>\n<p>16.05.2011, Performance of \u00d6.Manav's \u201cLa\u00e7in\u201d at the Donizetti Classical Music Awards Ceremony, Rahmi Ko\u00e7 Museum, 20:30<\/p>\n<\/div>\n<div class=\"etkinlik\">\n<h3>Concert<\/h3>\n<p>06.05.2011, \u201cPiano Trio Forte\u201d, Bursa, Balibey Han, 19:00<\/p>\n<\/div>\n<div class=\"etkinlik\">\n<h3>Concert<\/h3>\n<p>20.05.2010, Recital \u201cImmortal Chopin\u201d, Borusan Music House, 19:30<\/p>\n<\/div>\n<div class=\"etkinlik\">\n<h3>Concert<\/h3>\n<p>17.03.2010, Concert with \u201cAcademy Clarinet Ensemble\u201d, Ko\u00e7 University, 19:00<\/p>\n<\/div>\n<div class=\"etkinlik\">\n<h3>Seminer<\/h3>\n<p>29.12.2009, Seminar - \u201cImpressionism in Music\u201d, Ko\u00e7 University, 17:00<\/p>\n<\/div>\n<div class=\"etkinlik\">\n<h3>Concert<\/h3>\n<p>18.05.2009, Recital, Ko\u00e7 University Sevgi G\u00f6n\u00fcl Cultural Center, 17:00<\/p>\n<\/div>\n<div class=\"etkinlik\">\n<h3>Concert<\/h3>\n<p>15.05.2009, Prof. Metin \u00d6\u011f\u00fct Memorial Concert, M.S.G.S.\u00dc Auditorium<\/p>\n<\/div>\n<div class=\"etkinlik\">\n<h3>Concert<\/h3>\n<p>21.02.2009, Piano-clarinet Concert, Antakya-Savon Hotel<\/p>\n<\/div>\n<div class=\"etkinlik\">\n<h3>Concert<\/h3>\n<p>12.11.2008, Recital, Izmir Sanat<\/p>\n<\/div>\n\n\t\t\n<style>\n#text-338159675 {\n  line-height: 1.5;\n  text-align: left;\n}\n<\/style>\n\t<\/div>\n\t\n\n\t\t<\/div>\n\t\t\t\t\n<style>\n#col-107275815 > .col-inner {\n  padding: 20px 0px 0px 0px;\n}\n<\/style>\n\t<\/div>\n\n\t\n\n<\/div>","protected":false},"excerpt":{"rendered":"","protected":false},"author":1,"featured_media":0,"parent":0,"menu_order":0,"comment_status":"closed","ping_status":"closed","template":"","meta":{"footnotes":""},"class_list":["post-54","page","type-page","status-publish","hentry"],"_links":{"self":[{"href":"https:\/\/www.ecedemirci.com\/en_en\/wp-json\/wp\/v2\/pages\/54","targetHints":{"allow":["GET"]}}],"collection":[{"href":"https:\/\/www.ecedemirci.com\/en_en\/wp-json\/wp\/v2\/pages"}],"about":[{"href":"https:\/\/www.ecedemirci.com\/en_en\/wp-json\/wp\/v2\/types\/page"}],"author":[{"embeddable":true,"href":"https:\/\/www.ecedemirci.com\/en_en\/wp-json\/wp\/v2\/users\/1"}],"replies":[{"embeddable":true,"href":"https:\/\/www.ecedemirci.com\/en_en\/wp-json\/wp\/v2\/comments?post=54"}],"version-history":[{"count":32,"href":"https:\/\/www.ecedemirci.com\/en_en\/wp-json\/wp\/v2\/pages\/54\/revisions"}],"predecessor-version":[{"id":1229,"href":"https:\/\/www.ecedemirci.com\/en_en\/wp-json\/wp\/v2\/pages\/54\/revisions\/1229"}],"wp:attachment":[{"href":"https:\/\/www.ecedemirci.com\/en_en\/wp-json\/wp\/v2\/media?parent=54"}],"curies":[{"name":"wp","href":"https:\/\/api.w.org\/{rel}","templated":true}]}}