{"id":52,"date":"2025-05-30T12:10:40","date_gmt":"2025-05-30T12:10:40","guid":{"rendered":"https:\/\/www.ecedemirci.com\/?page_id=52"},"modified":"2025-07-03T15:03:18","modified_gmt":"2025-07-03T15:03:18","slug":"basin","status":"publish","type":"page","link":"https:\/\/www.ecedemirci.com\/en_en\/basin\/","title":{"rendered":"PRESS"},"content":{"rendered":"<div class=\"row row-collapse\"  id=\"row-1979338429\">\n\n\n\t<div id=\"col-775645255\" class=\"col small-12 large-12\"  >\n\t\t\t\t<div class=\"col-inner\"  >\n\t\t\t\n\t\t\t\n\n\n  <div class=\"banner has-hover\" id=\"banner-1819450628\">\n          <div class=\"banner-inner fill\">\n        <div class=\"banner-bg fill\" >\n            <div class=\"bg fill bg-fill\"><\/div>\n                                    \n                    <\/div>\n\t\t\n        <div class=\"banner-layers container\">\n            <div class=\"fill banner-link\"><\/div>            \n\n   <div id=\"text-box-521607088\" class=\"text-box banner-layer x100 md-x100 lg-x100 y0 md-y0 lg-y0 res-text\">\n                                <div class=\"text-box-content text dark text-shadow-3\">\n              \n              <div class=\"text-inner text-center\">\n                  \n\n\n              <\/div>\n           <\/div>\n                            \n<style>\n#text-box-521607088 {\n  width: 20%;\n}\n#text-box-521607088 .text-box-content {\n  font-size: 100%;\n}\n@media (min-width:550px) {\n  #text-box-521607088 {\n    width: 10%;\n  }\n}\n<\/style>\n    <\/div>\n \n\n        <\/div>\n      <\/div>\n\n              <div class=\"height-fix is-invisible\"><img loading=\"lazy\" decoding=\"async\" width=\"1020\" height=\"370\" src=\"https:\/\/www.ecedemirci.com\/wp-content\/uploads\/2025\/05\/bckg_header.jpg\" class=\"attachment-large size-large\" alt=\"\" srcset=\"https:\/\/www.ecedemirci.com\/wp-content\/uploads\/2025\/05\/bckg_header.jpg 1024w, https:\/\/www.ecedemirci.com\/wp-content\/uploads\/2025\/05\/bckg_header-300x109.jpg 300w, https:\/\/www.ecedemirci.com\/wp-content\/uploads\/2025\/05\/bckg_header-768x278.jpg 768w\" sizes=\"auto, (max-width: 1020px) 100vw, 1020px\" \/><\/div>\n            \n<style>\n#banner-1819450628 .bg.bg-loaded {\n  background-image: url(https:\/\/www.ecedemirci.com\/wp-content\/uploads\/2025\/05\/bckg_header.jpg);\n}\n#banner-1819450628 {\n  background-color: rgb(4, 23, 34);\n}\n<\/style>\n  <\/div>\n\n\n\t<div id=\"gap-1776872335\" class=\"gap-element clearfix\" style=\"display:block; height:auto;\">\n\t\t\n<style>\n#gap-1776872335 {\n  padding-top: 30px;\n}\n<\/style>\n\t<\/div>\n\t\n\n\n\t\t<\/div>\n\t\t\t\t\t<\/div>\n\n\t\n\n\t<div id=\"col-105680892\" class=\"col medium-2 small-3 large-2\"  >\n\t\t\t\t<div class=\"col-inner\"  >\n\t\t\t\n\t\t\t\n\n<h2>PRESS<\/h2>\n\n\t\t<\/div>\n\t\t\t\t\n<style>\n#col-105680892 > .col-inner {\n  padding: 0px 0px 0px 0px;\n}\n<\/style>\n\t<\/div>\n\n\t\n\n\t<div id=\"col-913169956\" class=\"col medium-10 small-9 large-10\"  >\n\t\t\t\t<div class=\"col-inner\"  >\n\t\t\t\n\t\t\t\n\n<hr>\n\n\t\t<\/div>\n\t\t\t\t\t<\/div>\n\n\t\n\n\t<div id=\"col-934311368\" class=\"col medium-3 small-12 large-3\"  >\n\t\t\t\t<div class=\"col-inner\"  >\n\t\t\t\n\t\t\t\n\n\t<div class=\"img has-hover x md-x lg-x y md-y lg-y\" id=\"image_1877330637\">\n\t\t\t\t\t\t\t\t<div class=\"img-inner dark\" >\n\t\t\t<img loading=\"lazy\" decoding=\"async\" width=\"225\" height=\"202\" src=\"https:\/\/www.ecedemirci.com\/wp-content\/uploads\/2025\/06\/nwsppr.png\" class=\"attachment-1536x1536 size-1536x1536\" alt=\"\" \/>\t\t\t\t\t\t\n\t\t\t\t\t<\/div>\n\t\t\t\t\t\t\t\t\n<style>\n#image_1877330637 {\n  width: 95%;\n}\n<\/style>\n\t<\/div>\n\t\n\n\t<div class=\"img has-hover x md-x lg-x y md-y lg-y\" id=\"image_1003042800\">\n\t\t\t\t\t\t\t\t<div class=\"img-inner dark\" >\n\t\t\t<img loading=\"lazy\" decoding=\"async\" width=\"729\" height=\"1024\" src=\"https:\/\/www.ecedemirci.com\/wp-content\/uploads\/2025\/07\/IMG_0629-e1751554870572-729x1024.jpeg\" class=\"attachment-large size-large\" alt=\"\" srcset=\"https:\/\/www.ecedemirci.com\/wp-content\/uploads\/2025\/07\/IMG_0629-e1751554870572-729x1024.jpeg 729w, https:\/\/www.ecedemirci.com\/wp-content\/uploads\/2025\/07\/IMG_0629-e1751554870572-214x300.jpeg 214w, https:\/\/www.ecedemirci.com\/wp-content\/uploads\/2025\/07\/IMG_0629-e1751554870572-768x1079.jpeg 768w, https:\/\/www.ecedemirci.com\/wp-content\/uploads\/2025\/07\/IMG_0629-e1751554870572-1093x1536.jpeg 1093w, https:\/\/www.ecedemirci.com\/wp-content\/uploads\/2025\/07\/IMG_0629-e1751554870572-1458x2048.jpeg 1458w, https:\/\/www.ecedemirci.com\/wp-content\/uploads\/2025\/07\/IMG_0629-e1751554870572-9x12.jpeg 9w, https:\/\/www.ecedemirci.com\/wp-content\/uploads\/2025\/07\/IMG_0629-e1751554870572.jpeg 1502w\" sizes=\"auto, (max-width: 729px) 100vw, 729px\" \/>\t\t\t\t\t\t\n\t\t\t\t\t<\/div>\n\t\t\t\t\t\t\t\t\n<style>\n#image_1003042800 {\n  width: 93%;\n}\n<\/style>\n\t<\/div>\n\t\n\n\n\t\t<\/div>\n\t\t\t\t\n<style>\n#col-934311368 > .col-inner {\n  padding: 0px 0px 0px 0px;\n  margin: 0px 0px 0px 0px;\n}\n<\/style>\n\t<\/div>\n\n\t\n\n\t<div id=\"col-42443721\" class=\"col medium-8 small-12 large-8\"  >\n\t\t\t\t<div class=\"col-inner\"  >\n\t\t\t\n\t\t\t\n\n\t<div id=\"text-742299885\" class=\"text\">\n\t\t\n\n<p class=\"only-tr-item\"><a href=\"https:\/\/www.hurriyet.com.tr\/yazarlar\/dogan-hizlan\/bir-buyuk-bestecinin-yasami-42857811\" target=\"_blank\" style=\"color: white; text-decoration: none;\">\u2022 Bir b\u00fcy\u00fck bestecinin ya\u015fam\u0131 | Do\u011fan HIZLAN K\u00f6\u015fe Yaz\u0131s\u0131 &#8211; H\u00fcrriyet Haberler<br \/>\n<\/a><\/p>\n<p class=\"only-tr-item\"><a href=\"http:\/\/www.ecedemirci.com\/wp-content\/uploads\/2025\/06\/basin-57b.jpg\" target=\"_blank\" style=\"color: white; text-decoration: none;\">\u2022 Comments Touching People, Evin Ilyasoglu - Cumhuriyet<\/a><\/p>\n<p class=\"only-tr-item\"><a href=\"http:\/\/www.ecedemirci.com\/wp-content\/uploads\/2025\/06\/basin-58b.jpg\" target=\"_blank\" style=\"color: white; text-decoration: none;\">\u2022 Hurriyet November 22, 2015<\/a><\/p>\n<p class=\"only-tr-item\"><a href=\"http:\/\/www.ecedemirci.com\/wp-content\/uploads\/2025\/06\/basin-50b.jpg\" target=\"_blank\" style=\"color: white; text-decoration: none;\">\u2022 \u201cA Sample Concert at Ko\u00e7 University\u201d Haluk Tarcan, Orkestra Magazine Issue 423, 2012- \u201cPiano and Clarinet will meet the audience for the first time in Antakya\u201d - Hatay 2009<\/a><\/p>\n<p class=\"only-tr-item\"><a href=\"http:\/\/www.ecedemirci.com\/wp-content\/uploads\/2025\/06\/basin-43b.jpg\" target=\"_blank\" style=\"color: white; text-decoration: none;\">\u2022 &#8220;PIANO TRIO FORTE \u00dc\u00c7L\u00dcS\u00dc&#8221; \u2013 Haluk Tarcan<\/a><\/p>\n<\/p>\n<p><a href=\"http:\/\/www.ecedemirci.com\/wp-content\/uploads\/2025\/06\/basin-42b.jpg\" target=\"_blank\" style=\"color: white; text-decoration: none;\">\u2022 \"Musicology Website\" by Haluk Tarcan, March 2011, Issue 204 September-October<\/a><\/p>\n<p class=\"only-tr-item\"><a href=\"http:\/\/www.ecedemirci.com\/wp-content\/uploads\/2025\/06\/basin-41b.jpg\" target=\"_blank\" style=\"color: white; text-decoration: none;\">\u2022 \u201cPiano and Clarinet will meet the audience for the first time in Antakya\u201d - Hatay 2009<\/a><\/p>\n<p class=\"only-tr-item\"><a href=\"http:\/\/www.ecedemirci.com\/wp-content\/uploads\/2025\/06\/basin-40b.jpg\" target=\"_blank\" style=\"color: white; text-decoration: none;\">\u2022 &#8220;Resital yar\u0131n Savon Otel&#8217;de&#8221; \u2013 Atayurt\u00a020.2.2009<\/a><\/p>\n<p class=\"only-tr-item\"><a href=\"http:\/\/www.ecedemirci.com\/wp-content\/uploads\/2025\/06\/basin-39b.jpg\" target=\"_blank\" style=\"color: white; text-decoration: none;\">\u2022 \u201cFidelity to the master in piano and clarinet concert\u201d - \u00d6zyurt 20.2.2009<\/a><\/p>\n<p><a href=\"http:\/\/www.ecedemirci.com\/wp-content\/uploads\/2025\/06\/basin-38b.jpg\" target=\"_blank\" style=\"color: white; text-decoration: none;\">\u2022 \"G\u00fcney R\u00fczgar\u0131 Magazine\" by Mehmet Solak, February 2009<\/a><\/p>\n<p><a href=\"http:\/\/www.ecedemirci.com\/wp-content\/uploads\/2025\/06\/basin-37b.jpg\" target=\"_blank\" style=\"color: white; text-decoration: none;\">\u2022 \"Hatay Newspaper\" February 2009<\/a><\/p>\n<p><a href=\"http:\/\/www.ecedemirci.com\/wp-content\/uploads\/2025\/06\/basin-36b.jpg\" target=\"_blank\" style=\"color: white; text-decoration: none;\">\u2022 \"Musicology Website\" by Zeynep Altay, July 2008<\/a><\/p>\n<p><a href=\"http:\/\/www.ecedemirci.com\/wp-content\/uploads\/2025\/06\/basin-35b.jpg\" target=\"_blank\" style=\"color: white; text-decoration: none;\">\u2022 \"Bizim Newspaper\" by Hayati As\u0131lyaz\u0131c\u0131, 7.7.2008<\/a><\/p>\n<p class=\"only-tr-item\"><a href=\"http:\/\/www.ecedemirci.com\/wp-content\/uploads\/2025\/06\/basin-34b.jpg\" target=\"_blank\" style=\"color: white; text-decoration: none;\">\u2022 \u201cJuly concerts start with Demirci\u201d - Taraf 30.06.2008<\/a><\/p>\n<p><a href=\"http:\/\/www.ecedemirci.com\/wp-content\/uploads\/2025\/06\/basin-33b.jpg\" target=\"_blank\" style=\"color: white; text-decoration: none;\">\u2022 \"Society\" by Eva von Schilgen, Art and Culture 2007<a href=\"http:\/\/www.ecedemirci.com\/wp-content\/uploads\/2025\/06\/basin-orj-33b.jpg\" target=\"_blank\">(Original Text)<\/a>)<\/a><\/p>\n<p><a href=\"http:\/\/www.ecedemirci.com\/wp-content\/uploads\/2025\/06\/basin-32b.jpg\" target=\"_blank\" style=\"color: white; text-decoration: none;\">\u2022 \"She has recorded her success with the piano\" by M\u00fcjde Yaz\u0131c\u0131, Radikal 20.7.2006<\/a><\/p>\n<p><a href=\"http:\/\/www.ecedemirci.com\/wp-content\/uploads\/2025\/06\/basin-31b.jpg\" target=\"_blank\" style=\"color: white; text-decoration: none;\">\u2022  \"Classical Music Piano Sonare Triolila\" by Kutlu \u00d6zmakinac\u0131, H\u00fcrriyet 16.7.2006<\/a><\/p>\n<p class=\"only-tr-item\"><a href=\"http:\/\/www.ecedemirci.com\/wp-content\/uploads\/2025\/06\/basin-30b.jpg\" target=\"_blank\" style=\"color: white; text-decoration: none;\">\u2022 \u201cThe Love of Piano and Viola\u201d - Mehmet Ezer, H\u00fcrriyet-\u00c7ukurova 23.02.2005<\/a><\/p>\n<p><a href=\"http:\/\/www.ecedemirci.com\/wp-content\/uploads\/2025\/06\/basin-29b.jpg\" target=\"_blank\" style=\"color: white; text-decoration: none;\">\u2022  \"Hatay\" Atayurt 21.2.2005<\/a><\/p>\n<p><a href=\"http:\/\/www.ecedemirci.com\/wp-content\/uploads\/2025\/06\/basin-26b.jpg\" target=\"_blank\" style=\"color: white; text-decoration: none;\">\u2022  \"She was not able to perform in Turkey but got a standing ovation in ROMANIA\"\n     by \u015eerif Ercan, Sabah 2005<\/a><\/p>\n<p><a href=\"http:\/\/www.ecedemirci.com\/wp-content\/uploads\/2025\/06\/basin-25b.jpg\" target=\"_blank\" style=\"color: white; text-decoration: none;\">\u2022  \"MUSIC. Pianist and pianists\" by Florian Baiculescu, Romanian 2005<a href=\"http:\/\/www.ecedemirci.com\/wp-content\/uploads\/2025\/06\/basin-orj-25b.jpg\" target=\"_blank\"> (Original Text)<\/a><br \/>\n<\/a><\/p>\n<p><a href=\"https:\/\/www.ecedemirci.com\/wp-content\/uploads\/2025\/06\/basin-orj-24b-1.jpg\" target=\"_blank\" style=\"color: white; text-decoration: none;\">\u2022  \"Famous Turkish pianist performed at the Athenaeum\" by Nine oClock 16.11.2005 <a class=\"only-tr-item\" href=\"https:\/\/www.ecedemirci.com\/wp-content\/uploads\/2025\/06\/basin-orj-24b-1.jpg\" target=\"_blank\">(Original Text)<\/a><\/p>\n<p class=\"only-tr-item\"><a href=\"http:\/\/www.ecedemirci.com\/wp-content\/uploads\/2025\/06\/basin-22b.jpg\" target=\"_blank\" style=\"color: white; text-decoration: none;\">\u2022 &#8220;B\u00fckre\u015f Konseri Haberi&#8221; \u2013 Amos News\u00a02005<\/a><\/p>\n<\/p>\n<p><a href=\"http:\/\/www.ecedemirci.com\/wp-content\/uploads\/2025\/06\/basin-21b.jpg\" target=\"_blank\" style=\"color: white; text-decoration: none;\">\u2022  \"Ece Demirci in Bucharest with the George Enescu Philharmonic Orchestra\"\n    Y\u00fcksel S\u00f6ylemez, Turkish Daily News 13.11.2005 <a href=\"http:\/\/www.ecedemirci.com\/wp-content\/uploads\/2025\/06\/basin-orj-21b.jpg\" target=\"_blank\">(Original Text)<\/a><br \/>\n<\/a><\/p>\n<p><a href=\"http:\/\/www.ecedemirci.com\/wp-content\/uploads\/2025\/06\/basin-20b.jpg\" target=\"_blank\" style=\"color: white; text-decoration: none;\">\u2022  \"Great Interest to Demirci in Romania\" Cumhuriyet 2005<\/a><\/p>\n<p><a href=\"http:\/\/www.ecedemirci.com\/wp-content\/uploads\/2025\/06\/basin-18b.jpg\" target=\"_blank\" style=\"color: white; text-decoration: none;\">\u2022  \"Ece Demirci presented pieces of renowned composer at her recital at Izmir Sanat Commemoration\n    of Rey and the other traits\u201d \u201cInitiation of Commemorations\" by \u00d6nder K\u00fctahyal\u0131, Cumhuriyet 2004<\/a><\/p>\n<p><a href=\"http:\/\/www.ecedemirci.com\/wp-content\/uploads\/2025\/06\/basin-17b.jpg\" target=\"_blank\" style=\"color: white; text-decoration: none;\">\u2022  \"Ms. Asso. Prof. Ece Demirci\" by Prof. Dr. K. Berkman 9.7.2003<\/a><\/p>\n<p><a href=\"http:\/\/www.ecedemirci.com\/wp-content\/uploads\/2025\/06\/basin-16b.jpg\" target=\"_blank\" style=\"color: white; text-decoration: none;\">\u2022  \"Perspective on Art - EXTRAORDINARY TALENTS (2)\" by Selmi Andak, Cumhuriyet 2003<\/a><\/p>\n<p><a href=\"http:\/\/www.ecedemirci.com\/wp-content\/uploads\/2025\/06\/basin-15b.jpg\" target=\"_blank\" style=\"color: white; text-decoration: none;\">\u2022  \"The piano equals happiness\" Gate Magazine 5.7.2001<\/a><\/p>\n<p><a href=\"http:\/\/www.ecedemirci.com\/wp-content\/uploads\/2025\/06\/basin-14b.jpg\" target=\"_blank\" style=\"color: white; text-decoration: none;\">\u2022  \"Turkish pianist\u2019s exposure in Japan\" Cumhuriyet 23.3.2001<\/a><\/p>\n<p><a href=\"http:\/\/www.ecedemirci.com\/wp-content\/uploads\/2025\/06\/basin-13b.jpg\" target=\"_blank\" style=\"color: white; text-decoration: none;\">\u2022  \"The first rendezvous in the Symphony\" Bursa 4.9.2000<\/a><\/p>\n<p><a href=\"http:\/\/www.ecedemirci.com\/wp-content\/uploads\/2025\/06\/basin-12b.jpg\" target=\"_blank\" style=\"color: white; text-decoration: none;\">\u2022  \"MASTERLY PERFORMANCE\" by Edgar Wild, WAZ-Oberhausen 22.4.1997 <a href=\"http:\/\/www.ecedemirci.com\/wp-content\/uploads\/2025\/06\/basin-orj-12b.jpg\" target=\"_blank\">(Original Text)<\/a><br \/>\n<\/a><\/p>\n<p><a href=\"http:\/\/www.ecedemirci.com\/wp-content\/uploads\/2025\/06\/basin-9b.jpg\" target=\"_blank\" style=\"color: white; text-decoration: none;\">\u2022  \"Swept by the Music\" 'IDSO conducted by Ya\u015fl\u0131\u00e7am, Ha\u00e7aturyan by Artzruni, Pedroni's Scenes,Recital by Ece Demirci\" by Evin \u0130lyaso\u011flu, Cumhuriyet 2.3.1994<\/a><\/p>\n<p><a href=\"http:\/\/www.ecedemirci.com\/wp-content\/uploads\/2025\/06\/basin-8b.jpg\" target=\"_blank\" style=\"color: white; text-decoration: none;\">\u2022 \"Music - Cultural Institute identified with one's Culture\" by Faruk Yener, Miliyet 1988<\/a><\/p>\n<p><a href=\"http:\/\/www.ecedemirci.com\/wp-content\/uploads\/2025\/06\/basin-7b.jpg\" target=\"_blank\" style=\"color: white; text-decoration: none;\">\u2022 \"\u00d6zal, stay home\" Talat Halman, Milliyet, 1988<\/a><\/p>\n<p><a href=\"http:\/\/www.ecedemirci.com\/wp-content\/uploads\/2025\/06\/basin-11b.jpg\" target=\"_blank\" style=\"color: white; text-decoration: none;\">\u2022 \"Pianist Demirci, Flutist Y\u00fcnku\u015f, Dalan and Festival \"Giselle\" on TRT Tv.\" by Faruk Yener, Milliyet 1986<\/a><\/p>\n<p><a \nhref=\"http:\/\/www.ecedemirci.com\/wp-content\/uploads\/2025\/06\/basin-5b.jpg\" target=\"_blank\" style=\"color: white; text-decoration: none;\">\u2022 &#8220;The music makers in Turkey&#8221; \u2013 Ahmet Say (s.237)<\/a><\/p>\n\t\t\n<style>\n#text-742299885 {\n  font-size: 0.95rem;\n  line-height: 2;\n}\n<\/style>\n\t<\/div>\n\t\n\n\t\t<\/div>\n\t\t\t\t\t<\/div>\n\n\t\n\n<\/div>","protected":false},"excerpt":{"rendered":"","protected":false},"author":1,"featured_media":0,"parent":0,"menu_order":0,"comment_status":"closed","ping_status":"closed","template":"","meta":{"footnotes":""},"class_list":["post-52","page","type-page","status-publish","hentry"],"_links":{"self":[{"href":"https:\/\/www.ecedemirci.com\/en_en\/wp-json\/wp\/v2\/pages\/52","targetHints":{"allow":["GET"]}}],"collection":[{"href":"https:\/\/www.ecedemirci.com\/en_en\/wp-json\/wp\/v2\/pages"}],"about":[{"href":"https:\/\/www.ecedemirci.com\/en_en\/wp-json\/wp\/v2\/types\/page"}],"author":[{"embeddable":true,"href":"https:\/\/www.ecedemirci.com\/en_en\/wp-json\/wp\/v2\/users\/1"}],"replies":[{"embeddable":true,"href":"https:\/\/www.ecedemirci.com\/en_en\/wp-json\/wp\/v2\/comments?post=52"}],"version-history":[{"count":63,"href":"https:\/\/www.ecedemirci.com\/en_en\/wp-json\/wp\/v2\/pages\/52\/revisions"}],"predecessor-version":[{"id":1236,"href":"https:\/\/www.ecedemirci.com\/en_en\/wp-json\/wp\/v2\/pages\/52\/revisions\/1236"}],"wp:attachment":[{"href":"https:\/\/www.ecedemirci.com\/en_en\/wp-json\/wp\/v2\/media?parent=52"}],"curies":[{"name":"wp","href":"https:\/\/api.w.org\/{rel}","templated":true}]}}