{"id":30,"date":"2025-05-30T10:47:12","date_gmt":"2025-05-30T10:47:12","guid":{"rendered":"https:\/\/www.ecedemirci.com\/?page_id=30"},"modified":"2025-06-17T20:03:23","modified_gmt":"2025-06-17T20:03:23","slug":"piyanist-ece-demirci","status":"publish","type":"page","link":"https:\/\/www.ecedemirci.com\/en_en\/","title":{"rendered":"Piyanist Ece Demirci"},"content":{"rendered":"<div class=\"row row-collapse\"  id=\"row-927040648\">\n\n\n\t<div id=\"col-1907958809\" class=\"col small-12 large-12\"  >\n\t\t\t\t<div class=\"col-inner\"  >\n\t\t\t\n\t\t\t\n\n\n  <div class=\"banner has-hover\" id=\"banner-1841070760\">\n          <div class=\"banner-inner fill\">\n        <div class=\"banner-bg fill\" >\n            <div class=\"bg fill bg-fill\"><\/div>\n                                    \n                    <\/div>\n\t\t\n        <div class=\"banner-layers container\">\n            <div class=\"fill banner-link\"><\/div>            \n\n   <div id=\"text-box-1366186928\" class=\"text-box banner-layer x100 md-x100 lg-x100 y0 md-y0 lg-y0 res-text\">\n                                <div class=\"text-box-content text dark text-shadow-3\">\n              \n              <div class=\"text-inner text-center\">\n                  \n\n\t<div id=\"text-3459115145\" class=\"text\">\n\t\t\n\n<p><a href=\"https:\/\/www.ecedemirci.com\/index.php\/piyanist-ece-demirci-3\/\" lang=\"en\"><\/a><\/p>\n\t\t\n<style>\n#text-3459115145 {\n  font-size: 1rem;\n}\n@media (min-width:550px) {\n  #text-3459115145 {\n    font-size: 1rem;\n  }\n}\n<\/style>\n\t<\/div>\n\t\n\n              <\/div>\n           <\/div>\n                            \n<style>\n#text-box-1366186928 {\n  width: 20%;\n}\n#text-box-1366186928 .text-box-content {\n  font-size: 100%;\n}\n@media (min-width:550px) {\n  #text-box-1366186928 {\n    width: 10%;\n  }\n}\n<\/style>\n    <\/div>\n \n\n        <\/div>\n      <\/div>\n\n              <div class=\"height-fix is-invisible\"><img loading=\"lazy\" decoding=\"async\" width=\"1020\" height=\"370\" src=\"https:\/\/www.ecedemirci.com\/wp-content\/uploads\/2025\/05\/bckg_header.jpg\" class=\"attachment-large size-large\" alt=\"\" srcset=\"https:\/\/www.ecedemirci.com\/wp-content\/uploads\/2025\/05\/bckg_header.jpg 1024w, https:\/\/www.ecedemirci.com\/wp-content\/uploads\/2025\/05\/bckg_header-300x109.jpg 300w, https:\/\/www.ecedemirci.com\/wp-content\/uploads\/2025\/05\/bckg_header-768x278.jpg 768w\" sizes=\"auto, (max-width: 1020px) 100vw, 1020px\" \/><\/div>\n            \n<style>\n#banner-1841070760 .bg.bg-loaded {\n  background-image: url(https:\/\/www.ecedemirci.com\/wp-content\/uploads\/2025\/05\/bckg_header.jpg);\n}\n#banner-1841070760 {\n  background-color: rgb(4, 23, 34);\n}\n<\/style>\n  <\/div>\n\n\n\n\t\t<\/div>\n\t\t\t\t\t<\/div>\n\n\t\n\n<\/div>\n\t<section class=\"section\" id=\"section_57679581\">\n\t\t<div class=\"bg section-bg fill bg-fill  bg-loaded\" >\n\n\t\t\t\n\t\t\t\n\t\t\t\n\n\t\t<\/div>\n\n\t\t\n\n\t\t<div class=\"section-content relative\">\n\t\t\t\n\n<div class=\"row\"  id=\"row-1326361647\">\n\n\n\t<div id=\"col-267491872\" class=\"col medium-4 small-12 large-4\"  >\n\t\t\t\t<div class=\"col-inner\"  >\n\t\t\t\n\t\t\t\n\n<h2>Events<\/h2>\n<hr \/>\n<div class=\"etkinlik\">\n<div class=\"etkinlik\">\n<h3>Concert<\/h3>\n<p>03.06.2025, \u201cVedat Kosal Memorial Concert\u201d VEKOM YT\u00dc, 17.30<\/p>\n<\/div>\n<div class=\"etkinlik\">\n<h3>Recital<\/h3>\n<p>28.05.2025, \u201c340 Years of Legacy\u201d Scarlatti Sonatas- Yelde\u011firmeni Art, 20.00<\/p>\n<\/div>\n<div class=\"etkinlik\">\n<h3>Concert<\/h3>\n<p>21.11.2023, Eski\u015fehir Piano Festival, 20.00<\/p>\n<\/div>\n<div class=\"etkinlik\">\n<h3>Concert<\/h3>\n<p>09.10.2023, \u201cIn Memory of Rachmaninoff\u201d - S\u00fcreyya Opera, 20.00<\/p>\n<\/div>\n<div class=\"etkinlik\">\n<h3>Recital<\/h3>\n<p>25.05.2021, \u201cDance of Two Pianos\u201d- Two Piano Recital with Prof. T\u00fcev Berki -CRR Concert Hall , 20.00<\/p>\n<\/div>\n<h3>Recital<\/h3>\n<p>12.08.2019, 17th Bayreuth Piano Festival, Steingraeber Haus, 19:30<\/p>\n<\/div>\n\n\n\t\t<\/div>\n\t\t\t\t\t<\/div>\n\n\t\n\n\t<div id=\"col-1079727251\" class=\"col medium-8 small-12 large-8\"  >\n\t\t\t\t<div class=\"col-inner\"  >\n\t\t\t\n\t\t\t\n\n\n\n<div style=\"position: relative; width: 100%; height: 700px; overflow: hidden; font-family: Arial, sans-serif;\">\n  <!-- Transparan arka plan -->\n  <img decoding=\"async\" src=\"http:\/\/www.ecedemirci.com\/wp-content\/uploads\/2025\/06\/kayit7.jpg\" alt=\"Arka Plan\" style=\"width: 100%; height: 100%; object-fit: cover; opacity: 0.5;\">\n\n  <!-- Yaz\u0131 alan\u0131 -->\n  <div style=\"position: absolute; top: 0; left: 0; width: 100%; height: 100%; padding: 40px; display: flex; flex-direction: column; justify-content: center; gap: 20px; text-align: right; color: white;\">\n\n    <div>\n      <p style=\"font-size: 17px; line-height: 1.5; color: white;\">\" Beside an exceptional talent she has a deep musicality, a solid technique,an\nimmense will for work. \"<\/p>\n      <p style=\"color: #b71c1c; font-weight: bold; font-size: 14px;\">State Artist Ay\u015feg\u00fcl Sar\u0131ca<\/p>\n    <\/div>\n\n    <div>\n      <p style=\"font-size: 17px; line-height: 1.5; color: white;\">\" Ece Demirci is a pianist of the greatest talent. \"<\/p>\n      <p style=\"color: #b71c1c; font-weight: bold; font-size: 14px;\">State Artist G\u00fclsin Onay<\/p>\n    <\/div>\n\n    <div>\n      <p style=\"font-size: 17px; line-height: 1.5; color: white;\">\"She posseses great musical talent, energy and discipline.\"<\/p>\n      <p style=\"color: #b71c1c; font-weight: bold; font-size: 14px;\">Prof. Bernhard Ebert<br>( Hannover Musikhochschule )<\/p>\n    <\/div>\n\n    <div>\n      <p style=\"font-size: 17px; line-height: 1.5; color: white;\">\" Demirci in her maiden appearance in Bucharest, played exquisitely with virtuosity\nand professionalism in this delightful concerto, so popular in concert halls. \"<\/p>\n      <p style=\"color: #b71c1c; font-weight: bold; font-size: 14px;\">Turkish Daily News<\/p>\n    <\/div>\n\n    <div>\n      <p style=\"font-size: 17px; line-height: 1.5; color: white;\">\" The public appreciated the remarkable sense of music the young pianist displayed and\nespecially the way Demirci communicated with both the public and the orchestra.\"<\/p>\n      <p style=\"color: #b71c1c; font-weight: bold; font-size: 14px;\">Nine o Clock<\/p>\n    <\/div>\n\n  <\/div>\n<\/div>\n\n\n\t\t<\/div>\n\t\t\t\t\t<\/div>\n\n\t\n\n<\/div>\n<div class=\"row align-center\"  id=\"row-89720393\">\n\n\n\t<div id=\"col-294421103\" class=\"col small-12 large-12\"  >\n\t\t\t\t<div class=\"col-inner\"  >\n\t\t\t\n\t\t\t\n\n<div class=\"etkinlik\">\n<div class=\"etkinlik\">\n<div class=\"etkinlik\">\n<h3>Concert<\/h3>\n<p>07.12.2018, Piano Trio Forte, Naz\u0131m Hikmet Cultural Center, 20:00<\/p>\n<\/div>\n<div class=\"etkinlik\">\n<h3>Recital<\/h3>\n<p>26.01.2018, \u201cBlue Voyage\u201d, Borusan Music House, 21:00<\/p>\n<\/div>\n<div class=\"etkinlik\">\n<h3>Recital<\/h3>\n<p>24.09.2016, Bezirhane, U\u00e7hisar - Cappadocia, 21:00<\/p>\n<\/div>\n<div class=\"etkinlik\">\n<h3>Concert<\/h3>\n<p>14.04.2016, \u201cHappy Birthday Mozart\u201d - \u201cPiano Trio Forte\u201d, Antakya Cultural Center, 20:00<\/p>\n<\/div>\n<div class=\"etkinlik\">\n<h3>Recital<\/h3>\n<p>02.11.2015, \u201cThose Who Left Their Mark\u201d, Cemal Re\u015fit Rey Concert Hall, 20:00<\/p>\n<\/div>\n<h3>Concert<\/h3>\n<p>30.04.2015, \u201cPiano Trio Forte\u201d, Antakya Cultural Center, 20:00<\/p>\n<\/div>\n<div class=\"etkinlik\">\n<h3>Concert<\/h3>\n<p>17.04.2015, IDSO W.A. Mozart Piano Concerto KV 466 in re m., Fulya Art Center, 20:00<\/p>\n<\/div>\n<div class=\"etkinlik\">\n<h3>Concert<\/h3>\n<p>13.03.2014, \u201cPiano Trio Forte\u201d, Sabanc\u0131 University Performing Arts Center, 20:00<\/p>\n<\/div>\n<div class=\"etkinlik\">\n<h3>Concert<\/h3>\n<p>13.03.2014, \u201cSchostakowitsch Evening\u201d - Piano Trio Forte and Friends, S\u00fcreyya Opera, 20:00<\/p>\n<\/div>\n<div class=\"etkinlik\">\n<h3>Concert<\/h3>\n<p>27.11.2013, \u201cVedat Kosal and Friends Concert\u201d, Mart\u0131 Hotel, 19:30<\/p>\n<\/div>\n<div class=\"etkinlik\">\n<h3>Concert<\/h3>\n<p>22.06.2013, 41st Istanbul Music Festival - \u201cPiano Trio Forte\u201d Concert, S\u00fcreyya Opera, 20:00<\/p>\n<\/div>\n<div class=\"etkinlik\">\n<h3>Concert<\/h3>\n<p>28.05.2013, \u201cPiano Trio Forte\u201d Concert, Pamukkale University Hasan Kasapo\u011flu Cultural Center, 20:00<\/p>\n<\/div>\n<div class=\"etkinlik\">\n<h3>Concert<\/h3>\n<p>27.12.2012, \u201cPiano Trio Forte\u201d Konseri, \u0130zmir Adnan Saygun Sanat Merkezi, 20:00<\/p>\n<\/div>\n<div class=\"etkinlik\">\n<h3>Concert<\/h3>\n<p>20.12.2012, \u201cPiano Trio Forte\u201d Concert, Fulya Art Center, 20:00<\/p>\n<\/div>\n<div class=\"etkinlik\">\n<h3>Concert<\/h3>\n<p>11.04.2012, Recital, Caddebostan Cultural Center, 20:00<\/p>\n<\/div>\n<div class=\"etkinlik\">\n<h3>Concert<\/h3>\n<p>13.03.2012, \u201cPiano Trio Forte\u201d Concert, Borusan Music House, 19:30<\/p>\n<\/div>\n<div class=\"etkinlik\">\n<h3>Concert<\/h3>\n<p>06.12.2011, Recital - \u201cTurkish Composers\u201d, Ko\u00e7 University Sevgi G\u00f6n\u00fcl Cultural Center, 20:00<\/p>\n<\/div>\n<div class=\"etkinlik\">\n<h3>Concert<\/h3>\n<p>16.05.2011, Performance of \u00d6. Manav's \u201cLa\u00e7in\u201d - Donizetti Classical Music Awards Ceremony, Rahmi Ko\u00e7 Museum, 20:30<\/p>\n<\/div>\n<div class=\"etkinlik\">\n<h3>Concert<\/h3>\n<p>06.05.2011, \u201cPiano Trio Forte\u201d, Bursa, Balibey Han, 19:00<\/p>\n<\/div>\n<div class=\"etkinlik\">\n<h3>Concert<\/h3>\n<p>20.05.2010, Recital - \u201cImmortal Chopin\u201d, Borusan Music House, 19:30<\/p>\n<\/div>\n<p style=\"text-align: center;\">\n  <span style=\"color: #7a0125;\"><br \/>\n    <a style=\"color: #7a0125;\" href=\"https:\/\/www.ecedemirci.com\/index.php\/etkinlikler\/\">All events<\/a><br \/>\n  <\/span><\/p>\n\n\n\t\t<\/div>\n\t\t\t\t\t<\/div>\n\n\t\n\n<\/div>\n\n\t\t<\/div>\n\n\t\t\n<style>\n#section_57679581 {\n  padding-top: 60px;\n  padding-bottom: 60px;\n}\n<\/style>\n\t<\/section>","protected":false},"excerpt":{"rendered":"","protected":false},"author":1,"featured_media":0,"parent":0,"menu_order":0,"comment_status":"closed","ping_status":"closed","template":"page-blank.php","meta":{"footnotes":""},"class_list":["post-30","page","type-page","status-publish","hentry"],"_links":{"self":[{"href":"https:\/\/www.ecedemirci.com\/en_en\/wp-json\/wp\/v2\/pages\/30","targetHints":{"allow":["GET"]}}],"collection":[{"href":"https:\/\/www.ecedemirci.com\/en_en\/wp-json\/wp\/v2\/pages"}],"about":[{"href":"https:\/\/www.ecedemirci.com\/en_en\/wp-json\/wp\/v2\/types\/page"}],"author":[{"embeddable":true,"href":"https:\/\/www.ecedemirci.com\/en_en\/wp-json\/wp\/v2\/users\/1"}],"replies":[{"embeddable":true,"href":"https:\/\/www.ecedemirci.com\/en_en\/wp-json\/wp\/v2\/comments?post=30"}],"version-history":[{"count":58,"href":"https:\/\/www.ecedemirci.com\/en_en\/wp-json\/wp\/v2\/pages\/30\/revisions"}],"predecessor-version":[{"id":1064,"href":"https:\/\/www.ecedemirci.com\/en_en\/wp-json\/wp\/v2\/pages\/30\/revisions\/1064"}],"wp:attachment":[{"href":"https:\/\/www.ecedemirci.com\/en_en\/wp-json\/wp\/v2\/media?parent=30"}],"curies":[{"name":"wp","href":"https:\/\/api.w.org\/{rel}","templated":true}]}}